{"id":1883,"date":"2022-12-26T18:11:36","date_gmt":"2022-12-26T17:11:36","guid":{"rendered":"https:\/\/www.scrschnaittach.de\/neu2013\/wordpress\/?page_id=1883"},"modified":"2026-04-28T11:51:54","modified_gmt":"2026-04-28T09:51:54","slug":"abteilungen","status":"publish","type":"page","link":"https:\/\/www.scrschnaittach.de\/neu2013\/wordpress\/?page_id=1883","title":{"rendered":"Sportangebot"},"content":{"rendered":"\t\t<div data-elementor-type=\"wp-page\" data-elementor-id=\"1883\" class=\"elementor elementor-1883\">\n\t\t\t\t\t\t<section class=\"elementor-section elementor-top-section elementor-element elementor-element-b02929e elementor-section-boxed elementor-section-height-default elementor-section-height-default wpr-particle-no wpr-jarallax-no wpr-parallax-no wpr-sticky-section-no wpr-equal-height-no\" data-id=\"b02929e\" data-element_type=\"section\" data-e-type=\"section\">\n\t\t\t\t\t\t<div class=\"elementor-container elementor-column-gap-default\">\n\t\t\t\t\t<div class=\"elementor-column elementor-col-100 elementor-top-column elementor-element elementor-element-78590ba\" data-id=\"78590ba\" data-element_type=\"column\" data-e-type=\"column\">\n\t\t\t<div class=\"elementor-widget-wrap elementor-element-populated\">\n\t\t\t\t\t\t<div class=\"elementor-element elementor-element-8816b26 elementor-widget elementor-widget-spacer\" data-id=\"8816b26\" data-element_type=\"widget\" data-e-type=\"widget\" data-widget_type=\"spacer.default\">\n\t\t\t\t<div class=\"elementor-widget-container\">\n\t\t\t\t\t\t\t<div class=\"elementor-spacer\">\n\t\t\t<div class=\"elementor-spacer-inner\"><\/div>\n\t\t<\/div>\n\t\t\t\t\t\t<\/div>\n\t\t\t\t<\/div>\n\t\t\t\t<div class=\"elementor-element elementor-element-c768741 elementor-widget elementor-widget-heading\" data-id=\"c768741\" data-element_type=\"widget\" data-e-type=\"widget\" data-widget_type=\"heading.default\">\n\t\t\t\t<div class=\"elementor-widget-container\">\n\t\t\t\t\t<div id=\"ez-toc-container\" class=\"ez-toc-v2_0_82_2 counter-hierarchy ez-toc-counter ez-toc-transparent ez-toc-container-direction\">\n<div class=\"ez-toc-title-container\">\n<p class=\"ez-toc-title\" style=\"cursor:inherit\">Inhaltsverzeichnis<\/p>\n<span class=\"ez-toc-title-toggle\"><a href=\"#\" class=\"ez-toc-pull-right ez-toc-btn ez-toc-btn-xs ez-toc-btn-default ez-toc-toggle\" aria-label=\"Toggle Table of Content\"><span class=\"ez-toc-js-icon-con\"><span class=\"\"><span class=\"eztoc-hide\" style=\"display:none;\">Toggle<\/span><span class=\"ez-toc-icon-toggle-span\"><svg style=\"fill: #999;color:#999\" xmlns=\"http:\/\/www.w3.org\/2000\/svg\" class=\"list-377408\" width=\"20px\" height=\"20px\" viewBox=\"0 0 24 24\" fill=\"none\"><path d=\"M6 6H4v2h2V6zm14 0H8v2h12V6zM4 11h2v2H4v-2zm16 0H8v2h12v-2zM4 16h2v2H4v-2zm16 0H8v2h12v-2z\" fill=\"currentColor\"><\/path><\/svg><svg style=\"fill: #999;color:#999\" class=\"arrow-unsorted-368013\" xmlns=\"http:\/\/www.w3.org\/2000\/svg\" width=\"10px\" height=\"10px\" viewBox=\"0 0 24 24\" version=\"1.2\" baseProfile=\"tiny\"><path d=\"M18.2 9.3l-6.2-6.3-6.2 6.3c-.2.2-.3.4-.3.7s.1.5.3.7c.2.2.4.3.7.3h11c.3 0 .5-.1.7-.3.2-.2.3-.5.3-.7s-.1-.5-.3-.7zM5.8 14.7l6.2 6.3 6.2-6.3c.2-.2.3-.5.3-.7s-.1-.5-.3-.7c-.2-.2-.4-.3-.7-.3h-11c-.3 0-.5.1-.7.3-.2.2-.3.5-.3.7s.1.5.3.7z\"\/><\/svg><\/span><\/span><\/span><\/a><\/span><\/div>\n<nav><ul class='ez-toc-list ez-toc-list-level-1 eztoc-toggle-hide-by-default' ><li class='ez-toc-page-1 ez-toc-heading-level-1'><a class=\"ez-toc-link ez-toc-heading-1\" href=\"https:\/\/www.scrschnaittach.de\/neu2013\/wordpress\/?page_id=1883\/#Unser_Sportangebot\" >Unser Sportangebot<\/a><ul class='ez-toc-list-level-2' ><li class='ez-toc-heading-level-2'><a class=\"ez-toc-link ez-toc-heading-2\" href=\"https:\/\/www.scrschnaittach.de\/neu2013\/wordpress\/?page_id=1883\/#Kursplan\" >Kursplan<\/a><\/li><li class='ez-toc-page-1 ez-toc-heading-level-2'><a class=\"ez-toc-link ez-toc-heading-3\" href=\"https:\/\/www.scrschnaittach.de\/neu2013\/wordpress\/?page_id=1883\/#Kurse\" >Kurse<\/a><ul class='ez-toc-list-level-3' ><li class='ez-toc-heading-level-3'><a class=\"ez-toc-link ez-toc-heading-4\" href=\"https:\/\/www.scrschnaittach.de\/neu2013\/wordpress\/?page_id=1883\/#Line_Dance\" >Line Dance<\/a><\/li><li class='ez-toc-page-1 ez-toc-heading-level-3'><a class=\"ez-toc-link ez-toc-heading-5\" href=\"https:\/\/www.scrschnaittach.de\/neu2013\/wordpress\/?page_id=1883\/#Power-Fit_Erwachsene_%3E_Sommerpause\" >Power-Fit (Erwachsene) &gt; Sommerpause<\/a><\/li><li class='ez-toc-page-1 ez-toc-heading-level-3'><a class=\"ez-toc-link ez-toc-heading-6\" href=\"https:\/\/www.scrschnaittach.de\/neu2013\/wordpress\/?page_id=1883\/#Eltern-Kind-Fit_ab_3_Jahre_%3E_Sommerpause\" >Eltern-Kind-Fit (ab 3 Jahre) &gt; Sommerpause<\/a><\/li><li class='ez-toc-page-1 ez-toc-heading-level-3'><a class=\"ez-toc-link ez-toc-heading-7\" href=\"https:\/\/www.scrschnaittach.de\/neu2013\/wordpress\/?page_id=1883\/#Kids-Fit_1-4_Klasse_Sommerpause\" >Kids-Fit (1.-4. Klasse) Sommerpause<\/a><\/li><li class='ez-toc-page-1 ez-toc-heading-level-3'><a class=\"ez-toc-link ez-toc-heading-8\" href=\"https:\/\/www.scrschnaittach.de\/neu2013\/wordpress\/?page_id=1883\/#Juniors-Fit_ab_5_Klasse_%3E_Sommerpause\" >Juniors-Fit (ab 5. Klasse) &gt; Sommerpause<\/a><\/li><li class='ez-toc-page-1 ez-toc-heading-level-3'><a class=\"ez-toc-link ez-toc-heading-9\" href=\"https:\/\/www.scrschnaittach.de\/neu2013\/wordpress\/?page_id=1883\/#Multisport_ab_14_Jahren_%3E_Sommerpause\" >Multisport (ab 14 Jahren) &gt; Sommerpause<\/a><\/li><li class='ez-toc-page-1 ez-toc-heading-level-3'><a class=\"ez-toc-link ez-toc-heading-10\" href=\"https:\/\/www.scrschnaittach.de\/neu2013\/wordpress\/?page_id=1883\/#Rehasport\" >Rehasport<\/a><\/li><li class='ez-toc-page-1 ez-toc-heading-level-3'><a class=\"ez-toc-link ez-toc-heading-11\" href=\"https:\/\/www.scrschnaittach.de\/neu2013\/wordpress\/?page_id=1883\/#Nordic_Walking\" >Nordic Walking<\/a><\/li><li class='ez-toc-page-1 ez-toc-heading-level-3'><a class=\"ez-toc-link ez-toc-heading-12\" href=\"https:\/\/www.scrschnaittach.de\/neu2013\/wordpress\/?page_id=1883\/#Biken_Kids\" >Biken Kids<\/a><\/li><li class='ez-toc-page-1 ez-toc-heading-level-3'><a class=\"ez-toc-link ez-toc-heading-13\" href=\"https:\/\/www.scrschnaittach.de\/neu2013\/wordpress\/?page_id=1883\/#Biathle_Triathle_Laserrun_Sommerpause\" >Biathle, Triathle, Laserrun (Sommerpause)<\/a><\/li><li class='ez-toc-page-1 ez-toc-heading-level-3'><a class=\"ez-toc-link ez-toc-heading-14\" href=\"https:\/\/www.scrschnaittach.de\/neu2013\/wordpress\/?page_id=1883\/#Streetbasketball\" >Streetbasketball<\/a><\/li><li class='ez-toc-page-1 ez-toc-heading-level-3'><a class=\"ez-toc-link ez-toc-heading-15\" href=\"https:\/\/www.scrschnaittach.de\/neu2013\/wordpress\/?page_id=1883\/#Lauftreff\" >Lauftreff<\/a><\/li><li class='ez-toc-page-1 ez-toc-heading-level-3'><a class=\"ez-toc-link ez-toc-heading-16\" href=\"https:\/\/www.scrschnaittach.de\/neu2013\/wordpress\/?page_id=1883\/#Wandern\" >Wandern<\/a><\/li><\/ul><\/li><li class='ez-toc-page-1 ez-toc-heading-level-2'><a class=\"ez-toc-link ez-toc-heading-17\" href=\"https:\/\/www.scrschnaittach.de\/neu2013\/wordpress\/?page_id=1883\/#Sportarten\" >Sportarten<\/a><ul class='ez-toc-list-level-3' ><li class='ez-toc-heading-level-3'><a class=\"ez-toc-link ez-toc-heading-18\" href=\"https:\/\/www.scrschnaittach.de\/neu2013\/wordpress\/?page_id=1883\/#Ski_Alpin\" >Ski Alpin<\/a><\/li><li class='ez-toc-page-1 ez-toc-heading-level-3'><a class=\"ez-toc-link ez-toc-heading-19\" href=\"https:\/\/www.scrschnaittach.de\/neu2013\/wordpress\/?page_id=1883\/#Ski-Nordic\" >Ski-Nordic<\/a><\/li><li class='ez-toc-page-1 ez-toc-heading-level-3'><a class=\"ez-toc-link ez-toc-heading-20\" href=\"https:\/\/www.scrschnaittach.de\/neu2013\/wordpress\/?page_id=1883\/#Tanzen\" >Tanzen<\/a><\/li><li class='ez-toc-page-1 ez-toc-heading-level-3'><a class=\"ez-toc-link ez-toc-heading-21\" href=\"https:\/\/www.scrschnaittach.de\/neu2013\/wordpress\/?page_id=1883\/#Wandern-2\" >Wandern<\/a><\/li><li class='ez-toc-page-1 ez-toc-heading-level-3'><a class=\"ez-toc-link ez-toc-heading-22\" href=\"https:\/\/www.scrschnaittach.de\/neu2013\/wordpress\/?page_id=1883\/#Leichtathletik\" >Leichtathletik<\/a><\/li><li class='ez-toc-page-1 ez-toc-heading-level-3'><a class=\"ez-toc-link ez-toc-heading-23\" href=\"https:\/\/www.scrschnaittach.de\/neu2013\/wordpress\/?page_id=1883\/#Mountainbike\" >Mountainbike<\/a><\/li><li class='ez-toc-page-1 ez-toc-heading-level-3'><a class=\"ez-toc-link ez-toc-heading-24\" href=\"https:\/\/www.scrschnaittach.de\/neu2013\/wordpress\/?page_id=1883\/#Multisport\" >Multisport<\/a><\/li><\/ul><\/li><\/ul><\/li><\/ul><\/nav><\/div>\n<h1 class=\"elementor-heading-title elementor-size-xl\"><span class=\"ez-toc-section\" id=\"Unser_Sportangebot\"><\/span>Unser Sportangebot<span class=\"ez-toc-section-end\"><\/span><\/h1>\t\t\t\t<\/div>\n\t\t\t\t<\/div>\n\t\t\t\t<div class=\"elementor-element elementor-element-e8db243 elementor-widget elementor-widget-heading\" data-id=\"e8db243\" data-element_type=\"widget\" data-e-type=\"widget\" data-widget_type=\"heading.default\">\n\t\t\t\t<div class=\"elementor-widget-container\">\n\t\t\t\t\t<h2 class=\"elementor-heading-title elementor-size-default\"><span class=\"ez-toc-section\" id=\"Kursplan\"><\/span>Kursplan<span class=\"ez-toc-section-end\"><\/span><\/h2>\t\t\t\t<\/div>\n\t\t\t\t<\/div>\n\t\t\t\t<div class=\"elementor-element elementor-element-6aa0f32 elementor-widget elementor-widget-image\" data-id=\"6aa0f32\" data-element_type=\"widget\" data-e-type=\"widget\" data-widget_type=\"image.default\">\n\t\t\t\t<div class=\"elementor-widget-container\">\n\t\t\t\t\t\t\t\t\t\t\t\t\t\t\t<img fetchpriority=\"high\" decoding=\"async\" width=\"768\" height=\"419\" src=\"https:\/\/www.scrschnaittach.de\/neu2013\/wordpress\/wp-content\/uploads\/2026\/04\/scr-kursplan-sommer2026-768x419.png\" class=\"attachment-medium_large size-medium_large wp-image-2627\" alt=\"\" srcset=\"https:\/\/www.scrschnaittach.de\/neu2013\/wordpress\/wp-content\/uploads\/2026\/04\/scr-kursplan-sommer2026-768x419.png 768w, https:\/\/www.scrschnaittach.de\/neu2013\/wordpress\/wp-content\/uploads\/2026\/04\/scr-kursplan-sommer2026-300x164.png 300w, https:\/\/www.scrschnaittach.de\/neu2013\/wordpress\/wp-content\/uploads\/2026\/04\/scr-kursplan-sommer2026-1024x559.png 1024w, https:\/\/www.scrschnaittach.de\/neu2013\/wordpress\/wp-content\/uploads\/2026\/04\/scr-kursplan-sommer2026.png 1408w\" sizes=\"(max-width: 768px) 100vw, 768px\" \/>\t\t\t\t\t\t\t\t\t\t\t\t\t\t\t<\/div>\n\t\t\t\t<\/div>\n\t\t\t\t<div class=\"elementor-element elementor-element-7c32317 elementor-widget elementor-widget-heading\" data-id=\"7c32317\" data-element_type=\"widget\" data-e-type=\"widget\" data-widget_type=\"heading.default\">\n\t\t\t\t<div class=\"elementor-widget-container\">\n\t\t\t\t\t<h2 class=\"elementor-heading-title elementor-size-default\"><span class=\"ez-toc-section\" id=\"Kurse\"><\/span>Kurse<span class=\"ez-toc-section-end\"><\/span><\/h2>\t\t\t\t<\/div>\n\t\t\t\t<\/div>\n\t\t\t\t<div class=\"elementor-element elementor-element-167cb0c elementor-widget elementor-widget-heading\" data-id=\"167cb0c\" data-element_type=\"widget\" data-e-type=\"widget\" data-widget_type=\"heading.default\">\n\t\t\t\t<div class=\"elementor-widget-container\">\n\t\t\t\t\t<h3 class=\"elementor-heading-title elementor-size-default\"><span class=\"ez-toc-section\" id=\"Line_Dance\"><\/span>Line Dance<span class=\"ez-toc-section-end\"><\/span><\/h3>\t\t\t\t<\/div>\n\t\t\t\t<\/div>\n\t\t\t\t<div class=\"elementor-element elementor-element-6ab61c2 elementor-widget elementor-widget-text-editor\" data-id=\"6ab61c2\" data-element_type=\"widget\" data-e-type=\"widget\" data-widget_type=\"text-editor.default\">\n\t\t\t\t<div class=\"elementor-widget-container\">\n\t\t\t\t\t\t\t\t\t<h4>Kursinfos<\/h4><ul><li>Zeit: Montag: Fortgeschrittene Anf\u00e4nger 18:45 &#8211; 21:30 Uhr<\/li><li>Zeit: Dienstag: Catalan Style 19:00 &#8211; 22:00 Uhr<\/li><li>Zeit: Mittwoch: Fortgeschrittene 19:00 &#8211; 21:00 Uhr<\/li><li>Treffpunkt: Badsaal Schnaittach<\/li><li>Ansprechpartner\u00a0Montag: Sandra Trautmann, 0171\/3027007<\/li><li>Ansprechpartner\u00a0Dienstag: Heidi Suth, 0157\/14823136<\/li><li>Ansprechpartner Mittwoch: Heike Buchner, 0151\/11167982 und Karin Grie\u00dfhammer, 09123\/82683\u00a0<\/li><\/ul><h4>Was ist Linedance?<\/h4><p>Linedance ist eine Tanzform, bei der eine Gruppe von Menschen in einer Linie aufgestellt ist und zu Musik tanzt. Im Linedance werden choreographierte Schritte und Bewegungen ausgef\u00fchrt, die oft zu Country- oder Popmusik getanzt werden. Dabei werden die Schritte von einem Tanzleiter vorgegeben, die T\u00e4nzer imitieren sie und tanzen synchron miteinander. Linedance kann in einer Gruppe oder allein getanzt werden und wird h\u00e4ufig bei Veranstaltungen wie Hochzeiten, Partys oder in Tanzclubs ausgef\u00fchrt. Der Tanzstil ist einfach zu erlernen und \u00e4u\u00dferst beliebt bei Menschen aller Altersgruppen, da er eine gute M\u00f6glichkeit bietet, sich zu bewegen, Freude zu haben und soziale Kontakte zu kn\u00fcpfen.<\/p><p>Cataln Style zeichnet sich durch komplexe Beintechnik aus, da die Choreografien pr\u00e4zise auf die Countrysongs abgestimmt sind. Meist ergeben sich dadurch A-, B- oder auch C-Teile und manchmal kommt dazu sogar noch ein &#8222;Intro&#8220; oder &#8222;Ending&#8220;. &#8222;Line Dance&#8220; Vorkenntnisse w\u00e4ren sehr hilfreich!<\/p>\t\t\t\t\t\t\t\t<\/div>\n\t\t\t\t<\/div>\n\t\t\t\t<div class=\"elementor-element elementor-element-7c02230 elementor-widget elementor-widget-heading\" data-id=\"7c02230\" data-element_type=\"widget\" data-e-type=\"widget\" data-widget_type=\"heading.default\">\n\t\t\t\t<div class=\"elementor-widget-container\">\n\t\t\t\t\t<h3 class=\"elementor-heading-title elementor-size-default\"><span class=\"ez-toc-section\" id=\"Power-Fit_Erwachsene_%3E_Sommerpause\"><\/span>Power-Fit (Erwachsene) &gt; Sommerpause<span class=\"ez-toc-section-end\"><\/span><\/h3>\t\t\t\t<\/div>\n\t\t\t\t<\/div>\n\t\t\t\t<div class=\"elementor-element elementor-element-bce1c4e elementor-widget elementor-widget-text-editor\" data-id=\"bce1c4e\" data-element_type=\"widget\" data-e-type=\"widget\" data-widget_type=\"text-editor.default\">\n\t\t\t\t<div class=\"elementor-widget-container\">\n\t\t\t\t\t\t\t\t\t<h4>Kursinfos:<\/h4>\n<ul>\n<li>Zeit: Dienstag von 17:45 &#8211; 18:45 Uhr<\/li>\n<li>Treffpunkt: Badsaal Schnaittach<\/li>\n<li>Unkostenbeitrag 25 \u20ac, f\u00fcr Nichtmitglieder 90 \u20ac<\/li>\n<li>Ansprechpartner: Oliver Unterburger<\/li>\n<li>Kontakt: 0151\/44346605<\/li>\n<\/ul>\n<div>Ein vielseitiges Sportangebot&nbsp; unter mitrei\u00dfender Leitung, um fit durch den Winter zu kommen. In dieser Kalorienverbrennungsstunde werden mit \u00dcbungen aus allen Gymnastikbereichen (auch Dehnung und Entspannung) Herz und Kreislauf trainiert.<\/div>\t\t\t\t\t\t\t\t<\/div>\n\t\t\t\t<\/div>\n\t\t\t\t<div class=\"elementor-element elementor-element-59da77d elementor-widget elementor-widget-heading\" data-id=\"59da77d\" data-element_type=\"widget\" data-e-type=\"widget\" data-widget_type=\"heading.default\">\n\t\t\t\t<div class=\"elementor-widget-container\">\n\t\t\t\t\t<h3 class=\"elementor-heading-title elementor-size-default\"><span class=\"ez-toc-section\" id=\"Eltern-Kind-Fit_ab_3_Jahre_%3E_Sommerpause\"><\/span>Eltern-Kind-Fit (ab 3 Jahre) &gt; Sommerpause<span class=\"ez-toc-section-end\"><\/span><\/h3>\t\t\t\t<\/div>\n\t\t\t\t<\/div>\n\t\t\t\t<div class=\"elementor-element elementor-element-d7fb80c elementor-widget elementor-widget-text-editor\" data-id=\"d7fb80c\" data-element_type=\"widget\" data-e-type=\"widget\" data-widget_type=\"text-editor.default\">\n\t\t\t\t<div class=\"elementor-widget-container\">\n\t\t\t\t\t\t\t\t\t<h4>Kursinfos:<\/h4><ul><li>Zeit: Mittwoch von 16:00 &#8211; 17:00 Uhr<\/li><li>Treffpunkt: Turnhalle Grundschule<\/li><li>Ansprechpartner: Kristina Haselbek<\/li><li>Kontakt: 09153\/9246191<\/li><\/ul><div>Unter Anleitung unserer \u00dcbungsleiter*in fordern wir zusammen mit dir dein Kind im rhythmischen und psychomotorischen Bereichen und f\u00f6rdern damit die Geschicklichkeit, Ausdauer und Selbstst\u00e4ndigkeit.<\/div>\t\t\t\t\t\t\t\t<\/div>\n\t\t\t\t<\/div>\n\t\t\t\t<div class=\"elementor-element elementor-element-8a1abf6 elementor-widget elementor-widget-heading\" data-id=\"8a1abf6\" data-element_type=\"widget\" data-e-type=\"widget\" data-widget_type=\"heading.default\">\n\t\t\t\t<div class=\"elementor-widget-container\">\n\t\t\t\t\t<h3 class=\"elementor-heading-title elementor-size-default\"><span class=\"ez-toc-section\" id=\"Kids-Fit_1-4_Klasse_Sommerpause\"><\/span>Kids-Fit (1.-4. Klasse) Sommerpause<span class=\"ez-toc-section-end\"><\/span><\/h3>\t\t\t\t<\/div>\n\t\t\t\t<\/div>\n\t\t\t\t<div class=\"elementor-element elementor-element-d7e6da5 elementor-widget elementor-widget-text-editor\" data-id=\"d7e6da5\" data-element_type=\"widget\" data-e-type=\"widget\" data-widget_type=\"text-editor.default\">\n\t\t\t\t<div class=\"elementor-widget-container\">\n\t\t\t\t\t\t\t\t\t<h4>Kursinfos:<\/h4><ul><li>Zeit: Mittwoch von 17:00 &#8211; 18:00 Uhr<\/li><li>Treffpunkt: Turnhalle Grundschule<\/li><li>Ansprechpartner: Lena Thaler<\/li><li>Kontakt: 01578\/2545364<\/li><\/ul><div>Wir f\u00f6rdern die Gesundheit und Entwicklung deines Kindes durch die Teilnahme an einer Fitnessstunde, die ohne Leistungsdruck abl\u00e4uft. Die Abenteuer-, Spiel- und Spa\u00dfstunde mit Lauf- und Fangspielen.<\/div>\t\t\t\t\t\t\t\t<\/div>\n\t\t\t\t<\/div>\n\t\t\t\t<div class=\"elementor-element elementor-element-dbdd968 elementor-widget elementor-widget-heading\" data-id=\"dbdd968\" data-element_type=\"widget\" data-e-type=\"widget\" data-widget_type=\"heading.default\">\n\t\t\t\t<div class=\"elementor-widget-container\">\n\t\t\t\t\t<h3 class=\"elementor-heading-title elementor-size-default\"><span class=\"ez-toc-section\" id=\"Juniors-Fit_ab_5_Klasse_%3E_Sommerpause\"><\/span>Juniors-Fit (ab 5. Klasse) &gt; Sommerpause<span class=\"ez-toc-section-end\"><\/span><\/h3>\t\t\t\t<\/div>\n\t\t\t\t<\/div>\n\t\t\t\t<div class=\"elementor-element elementor-element-d3ea2ab elementor-widget elementor-widget-text-editor\" data-id=\"d3ea2ab\" data-element_type=\"widget\" data-e-type=\"widget\" data-widget_type=\"text-editor.default\">\n\t\t\t\t<div class=\"elementor-widget-container\">\n\t\t\t\t\t\t\t\t\t<h4>Kursinfos<\/h4><ul><li>Zeit: Mittwoch von 18:00 &#8211; 19:00 Uhr<\/li><li>Treffpunkt: Turnhalle Grundschule<\/li><li>Ansprechpartner: Fiona Heid<\/li><li>Kontakt: 01515\/4617728<\/li><\/ul><div>Ambitioniertes Training f\u00fcr Ausdauer, Kraft, Kondition und Mobilisation. Der richtige Ausgleich f\u00fcr das lange Sitzen in der Schule und bei den Hausaufgaben.<\/div>\t\t\t\t\t\t\t\t<\/div>\n\t\t\t\t<\/div>\n\t\t\t\t<div class=\"elementor-element elementor-element-189625e elementor-widget elementor-widget-heading\" data-id=\"189625e\" data-element_type=\"widget\" data-e-type=\"widget\" data-widget_type=\"heading.default\">\n\t\t\t\t<div class=\"elementor-widget-container\">\n\t\t\t\t\t<h3 class=\"elementor-heading-title elementor-size-default\"><span class=\"ez-toc-section\" id=\"Multisport_ab_14_Jahren_%3E_Sommerpause\"><\/span>Multisport (ab 14 Jahren) &gt; Sommerpause<span class=\"ez-toc-section-end\"><\/span><\/h3>\t\t\t\t<\/div>\n\t\t\t\t<\/div>\n\t\t\t\t<div class=\"elementor-element elementor-element-1e72601 elementor-widget elementor-widget-text-editor\" data-id=\"1e72601\" data-element_type=\"widget\" data-e-type=\"widget\" data-widget_type=\"text-editor.default\">\n\t\t\t\t<div class=\"elementor-widget-container\">\n\t\t\t\t\t\t\t\t\t<h4>Kursinfos<\/h4><ul><li>Zeit: Mittwoch von 19:00 &#8211; 20:00 Uhr<\/li><li>Treffpunkt: Turnhalle Grundschule<\/li><li>Ansprechpartner:\u00a0<\/li><li>Kontakt:\u00a0<\/li><\/ul>\t\t\t\t\t\t\t\t<\/div>\n\t\t\t\t<\/div>\n\t\t\t\t<div class=\"elementor-element elementor-element-90e492d elementor-widget elementor-widget-heading\" data-id=\"90e492d\" data-element_type=\"widget\" data-e-type=\"widget\" data-widget_type=\"heading.default\">\n\t\t\t\t<div class=\"elementor-widget-container\">\n\t\t\t\t\t<h3 class=\"elementor-heading-title elementor-size-default\"><span class=\"ez-toc-section\" id=\"Rehasport\"><\/span>Rehasport<span class=\"ez-toc-section-end\"><\/span><\/h3>\t\t\t\t<\/div>\n\t\t\t\t<\/div>\n\t\t\t\t<div class=\"elementor-element elementor-element-42f7fad elementor-widget elementor-widget-text-editor\" data-id=\"42f7fad\" data-element_type=\"widget\" data-e-type=\"widget\" data-widget_type=\"text-editor.default\">\n\t\t\t\t<div class=\"elementor-widget-container\">\n\t\t\t\t\t\t\t\t\t<h4>Kursinfos<\/h4><ul><li><div class=\"elementToProof\">Zeit:<\/div><ul><li><div class=\"elementToProof\">Montag 16:45 &#8211; 17:30 Uhr<\/div><\/li><li><div class=\"elementToProof\">Montag 17:45 &#8211; 18:30 Uhr<\/div><\/li><li><div class=\"elementToProof\">Donnerstag 08:30 &#8211; 09:15 Uhr<\/div><\/li><li><div class=\"elementToProof\">Donnerstag 09:30 &#8211; 10:15 Uhr<\/div><\/li><li><div class=\"elementToProof\">Donnerstag 10:30 &#8211; 11:15 Uhr<\/div><\/li><\/ul><\/li><li>Treffpunkt: Badsaal Schnaittach<\/li><li>Ansprechpartner: Christina Fischer, 0152\/36230874<\/li><\/ul><p>Reha-Sport ist ein \u00e4rztlich verordnetes Bewegungstraining in der Gruppe und bietet die M\u00f6glichkeit durch Sport selbst aktiv Einfluss auf die eigene Gesundheit zu nehmen. Bei R\u00fccken- oder Gelenkschmerzen, nach einer Operation und anschlie\u00dfender Reha, als Erg\u00e4nzung bzw. nach der Physiotherapie. Alle Teilnehmenden haben eine \u00e4rztliche Verordnung mit dem Diagnose-Profil: Orthop\u00e4die: St\u00fctz- und Bewegungsapparat, \u00a0(Wirbels\u00e4ule, Knie- und H\u00fcftgelenk, Endoprothesen), Krebsnachsorge, Morbus Bechterew, Osteoporose. Die Kosten der genehmigten Verordnung werden von der Krankenkasse und von der Rentenversicherung vollst\u00e4ndig \u00fcbernommen. Eine Mitgliedschaft beim SCR Schnaittach ist nicht erforderlich.<\/p>\t\t\t\t\t\t\t\t<\/div>\n\t\t\t\t<\/div>\n\t\t\t\t<div class=\"elementor-element elementor-element-27918c8 elementor-widget elementor-widget-heading\" data-id=\"27918c8\" data-element_type=\"widget\" data-e-type=\"widget\" data-widget_type=\"heading.default\">\n\t\t\t\t<div class=\"elementor-widget-container\">\n\t\t\t\t\t<h3 class=\"elementor-heading-title elementor-size-default\"><span class=\"ez-toc-section\" id=\"Nordic_Walking\"><\/span>Nordic Walking <span class=\"ez-toc-section-end\"><\/span><\/h3>\t\t\t\t<\/div>\n\t\t\t\t<\/div>\n\t\t\t\t<div class=\"elementor-element elementor-element-d3b52c0 elementor-widget elementor-widget-text-editor\" data-id=\"d3b52c0\" data-element_type=\"widget\" data-e-type=\"widget\" data-widget_type=\"text-editor.default\">\n\t\t\t\t<div class=\"elementor-widget-container\">\n\t\t\t\t\t\t\t\t\t<h4>Kursinfos<\/h4><ul><li>Zeit: Mittwoch18:00 &#8211; 19:00 Uhr<\/li><li>Treffpunkt: Parkplatz Hailloh<\/li><li>Ansprechpartner: Oliver Unterburger<\/li><li>Kontakt: 0151\/44346605<\/li><\/ul>\t\t\t\t\t\t\t\t<\/div>\n\t\t\t\t<\/div>\n\t\t\t\t<div class=\"elementor-element elementor-element-47bd0bb elementor-widget elementor-widget-heading\" data-id=\"47bd0bb\" data-element_type=\"widget\" data-e-type=\"widget\" data-widget_type=\"heading.default\">\n\t\t\t\t<div class=\"elementor-widget-container\">\n\t\t\t\t\t<h3 class=\"elementor-heading-title elementor-size-default\"><span class=\"ez-toc-section\" id=\"Biken_Kids\"><\/span>Biken Kids <span class=\"ez-toc-section-end\"><\/span><\/h3>\t\t\t\t<\/div>\n\t\t\t\t<\/div>\n\t\t\t\t<div class=\"elementor-element elementor-element-452b0b7 elementor-widget elementor-widget-text-editor\" data-id=\"452b0b7\" data-element_type=\"widget\" data-e-type=\"widget\" data-widget_type=\"text-editor.default\">\n\t\t\t\t<div class=\"elementor-widget-container\">\n\t\t\t\t\t\t\t\t\t<h4>Kursinfos<\/h4><ul><li>5 &#8211; 17 Jahre, Dienstag 17:00 &#8211; 18:00 Uhr, Ansprechpartnerin: Lena Thaler, 0157\/82545364 und\u00a0Harry Schiffer, 0160\/90759604<\/li><li>Treffpunkt: Badsaal<\/li><\/ul>\t\t\t\t\t\t\t\t<\/div>\n\t\t\t\t<\/div>\n\t\t\t\t<div class=\"elementor-element elementor-element-bd7d5e8 elementor-widget elementor-widget-heading\" data-id=\"bd7d5e8\" data-element_type=\"widget\" data-e-type=\"widget\" data-widget_type=\"heading.default\">\n\t\t\t\t<div class=\"elementor-widget-container\">\n\t\t\t\t\t<h3 class=\"elementor-heading-title elementor-size-default\"><span class=\"ez-toc-section\" id=\"Biathle_Triathle_Laserrun_Sommerpause\"><\/span>Biathle, Triathle, Laserrun (Sommerpause)<span class=\"ez-toc-section-end\"><\/span><\/h3>\t\t\t\t<\/div>\n\t\t\t\t<\/div>\n\t\t\t\t<div class=\"elementor-element elementor-element-2a20f37 elementor-widget elementor-widget-text-editor\" data-id=\"2a20f37\" data-element_type=\"widget\" data-e-type=\"widget\" data-widget_type=\"text-editor.default\">\n\t\t\t\t<div class=\"elementor-widget-container\">\n\t\t\t\t\t\t\t\t\t<h4>Kursinfos<\/h4>\n<ul>\n<li>Zeit: Mittwoch 17:30 Uhr<\/li>\n<li>Treffpunkt: Schulsportplatz Mittelschule<\/li>\n<li>Ansprechpartner:&nbsp;Thomas Heid<br><\/li>\n<li>Kontakt: 0175\/5189415<br><\/li>\n<\/ul>\t\t\t\t\t\t\t\t<\/div>\n\t\t\t\t<\/div>\n\t\t\t\t<div class=\"elementor-element elementor-element-5ead6e2 elementor-widget elementor-widget-heading\" data-id=\"5ead6e2\" data-element_type=\"widget\" data-e-type=\"widget\" data-widget_type=\"heading.default\">\n\t\t\t\t<div class=\"elementor-widget-container\">\n\t\t\t\t\t<h3 class=\"elementor-heading-title elementor-size-default\"><span class=\"ez-toc-section\" id=\"Streetbasketball\"><\/span>Streetbasketball<span class=\"ez-toc-section-end\"><\/span><\/h3>\t\t\t\t<\/div>\n\t\t\t\t<\/div>\n\t\t\t\t<div class=\"elementor-element elementor-element-8d82b3f elementor-widget elementor-widget-text-editor\" data-id=\"8d82b3f\" data-element_type=\"widget\" data-e-type=\"widget\" data-widget_type=\"text-editor.default\">\n\t\t\t\t<div class=\"elementor-widget-container\">\n\t\t\t\t\t\t\t\t\t<h4>Kursinfos<\/h4><ul><li>Zeit: Donnerstag 18:00 &#8211; 19:00 (6 &#8211; 14 Jahre),\u00a0Ansprechpartner Michael Winkler, 0179\/1422489\u00a0<\/li><li>Zeit: Donnerstag 19.00 &#8211; 21:00 Uhr (ab 15 Jahren),\u00a0Ansprechpartner Simon Weber, 09153\/923139<\/li><li>Treffpunkt: Grundschule Schnaittach<\/li><\/ul>\t\t\t\t\t\t\t\t<\/div>\n\t\t\t\t<\/div>\n\t\t\t\t<div class=\"elementor-element elementor-element-b3b66e2 elementor-widget elementor-widget-heading\" data-id=\"b3b66e2\" data-element_type=\"widget\" data-e-type=\"widget\" data-widget_type=\"heading.default\">\n\t\t\t\t<div class=\"elementor-widget-container\">\n\t\t\t\t\t<h3 class=\"elementor-heading-title elementor-size-default\"><span class=\"ez-toc-section\" id=\"Lauftreff\"><\/span>Lauftreff<span class=\"ez-toc-section-end\"><\/span><\/h3>\t\t\t\t<\/div>\n\t\t\t\t<\/div>\n\t\t\t\t<div class=\"elementor-element elementor-element-0425a44 elementor-widget elementor-widget-text-editor\" data-id=\"0425a44\" data-element_type=\"widget\" data-e-type=\"widget\" data-widget_type=\"text-editor.default\">\n\t\t\t\t<div class=\"elementor-widget-container\">\n\t\t\t\t\t\t\t\t\t<h4>Kursinfos<\/h4><ul><li>Zeit: Montag 18:00 &#8211; 19:00 Uhr, 2 Gruppen, Treffpunkt: B\u00fcrgerweiher\u00a0<\/li><li>Zeit: Mittwoch 18:00 &#8211; 19:00 Uhr, 2 Gruppen,Treffpunkt: Parkplatz Hailoh<\/li><li>Zeit: Donnerstag 19:00 &#8211; 20:00 Uhr,\u00a0Treffpunkt: Parkplatz Hailoh<\/li><li>Ansprechpartner: Wolfgang Schlosser, 09153\/970263 und Harald Schiffer 0160\/90759604<\/li><\/ul>\t\t\t\t\t\t\t\t<\/div>\n\t\t\t\t<\/div>\n\t\t\t\t<div class=\"elementor-element elementor-element-7532ea4 elementor-widget elementor-widget-heading\" data-id=\"7532ea4\" data-element_type=\"widget\" data-e-type=\"widget\" data-widget_type=\"heading.default\">\n\t\t\t\t<div class=\"elementor-widget-container\">\n\t\t\t\t\t<h3 class=\"elementor-heading-title elementor-size-default\"><span class=\"ez-toc-section\" id=\"Wandern\"><\/span>Wandern<span class=\"ez-toc-section-end\"><\/span><\/h3>\t\t\t\t<\/div>\n\t\t\t\t<\/div>\n\t\t\t\t<div class=\"elementor-element elementor-element-638919a elementor-widget elementor-widget-text-editor\" data-id=\"638919a\" data-element_type=\"widget\" data-e-type=\"widget\" data-widget_type=\"text-editor.default\">\n\t\t\t\t<div class=\"elementor-widget-container\">\n\t\t\t\t\t\t\t\t\t<h4>Kursinfos<\/h4><ul><li>Zeit: Ca. 10 x p.a. nach Ank\u00fcndigung<\/li><li>Treffpunkt: nach Ank\u00fcndigung<\/li><li>Ansprechpartner: Elfi Christl<\/li><li>Kontakt: 09153\/7383<\/li><\/ul>\t\t\t\t\t\t\t\t<\/div>\n\t\t\t\t<\/div>\n\t\t\t\t<div class=\"elementor-element elementor-element-a6b9c2f elementor-widget elementor-widget-heading\" data-id=\"a6b9c2f\" data-element_type=\"widget\" data-e-type=\"widget\" data-widget_type=\"heading.default\">\n\t\t\t\t<div class=\"elementor-widget-container\">\n\t\t\t\t\t<h2 class=\"elementor-heading-title elementor-size-default\"><span class=\"ez-toc-section\" id=\"Sportarten\"><\/span>Sportarten<span class=\"ez-toc-section-end\"><\/span><\/h2>\t\t\t\t<\/div>\n\t\t\t\t<\/div>\n\t\t\t\t\t<\/div>\n\t\t<\/div>\n\t\t\t\t\t<\/div>\n\t\t<\/section>\n\t\t\t\t<section class=\"elementor-section elementor-top-section elementor-element elementor-element-99c8464 elementor-section-boxed elementor-section-height-default elementor-section-height-default wpr-particle-no wpr-jarallax-no wpr-parallax-no wpr-sticky-section-no wpr-equal-height-no\" data-id=\"99c8464\" data-element_type=\"section\" data-e-type=\"section\">\n\t\t\t\t\t\t<div class=\"elementor-container elementor-column-gap-default\">\n\t\t\t\t\t<div class=\"elementor-column elementor-col-50 elementor-top-column elementor-element elementor-element-e15d359\" data-id=\"e15d359\" data-element_type=\"column\" data-e-type=\"column\">\n\t\t\t<div class=\"elementor-widget-wrap elementor-element-populated\">\n\t\t\t\t\t\t<div class=\"elementor-element elementor-element-264442a elementor-widget elementor-widget-heading\" data-id=\"264442a\" data-element_type=\"widget\" data-e-type=\"widget\" data-widget_type=\"heading.default\">\n\t\t\t\t<div class=\"elementor-widget-container\">\n\t\t\t\t\t<h3 class=\"elementor-heading-title elementor-size-large\"><span class=\"ez-toc-section\" id=\"Ski_Alpin\"><\/span>Ski Alpin<span class=\"ez-toc-section-end\"><\/span><\/h3>\t\t\t\t<\/div>\n\t\t\t\t<\/div>\n\t\t\t\t<div class=\"elementor-element elementor-element-f4be628 elementor-widget elementor-widget-image\" data-id=\"f4be628\" data-element_type=\"widget\" data-e-type=\"widget\" data-widget_type=\"image.default\">\n\t\t\t\t<div class=\"elementor-widget-container\">\n\t\t\t\t\t\t\t\t\t\t\t\t\t\t\t<img decoding=\"async\" width=\"150\" height=\"150\" src=\"https:\/\/www.scrschnaittach.de\/neu2013\/wordpress\/wp-content\/uploads\/2022\/12\/icon_ski_alpin_rot_auf_weiss_250px-150x150.png\" class=\"attachment-thumbnail size-thumbnail wp-image-1720\" alt=\"Piktogramm Ski Alpin\" srcset=\"https:\/\/www.scrschnaittach.de\/neu2013\/wordpress\/wp-content\/uploads\/2022\/12\/icon_ski_alpin_rot_auf_weiss_250px-150x150.png 150w, https:\/\/www.scrschnaittach.de\/neu2013\/wordpress\/wp-content\/uploads\/2022\/12\/icon_ski_alpin_rot_auf_weiss_250px.png 250w\" sizes=\"(max-width: 150px) 100vw, 150px\" \/>\t\t\t\t\t\t\t\t\t\t\t\t\t\t\t<\/div>\n\t\t\t\t<\/div>\n\t\t\t\t<div class=\"elementor-element elementor-element-1e0550a elementor-widget elementor-widget-text-editor\" data-id=\"1e0550a\" data-element_type=\"widget\" data-e-type=\"widget\" data-widget_type=\"text-editor.default\">\n\t\t\t\t<div class=\"elementor-widget-container\">\n\t\t\t\t\t\t\t\t\t<ul><li><span class=\"TextRun SCXW81002091 BCX0\" lang=\"DE-DE\" xml:lang=\"DE-DE\" data-contrast=\"auto\"><span class=\"NormalTextRun SCXW81002091 BCX0\" data-ccp-parastyle=\"Normal (Web)\">Top pr\u00e4parierte Skipiste am Rothenberg dank Pistenger\u00e4t und 2 Schneekanonen<\/span><\/span><\/li><li><span class=\"TextRun SCXW81002091 BCX0\" lang=\"DE-DE\" xml:lang=\"DE-DE\" data-contrast=\"auto\"><span class=\"NormalTextRun SCXW81002091 BCX0\" data-ccp-parastyle=\"Normal (Web)\">2 Skilifte<\/span><\/span><\/li><li><span class=\"TextRun SCXW81002091 BCX0\" lang=\"DE-DE\" xml:lang=\"DE-DE\" data-contrast=\"auto\"><span class=\"NormalTextRun SCXW81002091 BCX0\" data-ccp-parastyle=\"Normal (Web)\">Skikurse<\/span><\/span><\/li><li><span class=\"TextRun SCXW81002091 BCX0\" lang=\"DE-DE\" xml:lang=\"DE-DE\" data-contrast=\"auto\"><span class=\"NormalTextRun SCXW81002091 BCX0\" data-ccp-parastyle=\"Normal (Web)\">Skirennen<\/span><\/span><\/li><li><span class=\"TextRun SCXW81002091 BCX0\" lang=\"DE-DE\" xml:lang=\"DE-DE\" data-contrast=\"auto\"><span class=\"NormalTextRun SpellingErrorV2Themed SCXW81002091 BCX0\" data-ccp-parastyle=\"Normal (Web)\">Skicamp<\/span><\/span><span class=\"EOP SCXW81002091 BCX0\" data-ccp-props=\"{&quot;134233117&quot;:true,&quot;134233118&quot;:true,&quot;201341983&quot;:0,&quot;335559740&quot;:240}\">\u00a0<\/span><\/li><\/ul>\t\t\t\t\t\t\t\t<\/div>\n\t\t\t\t<\/div>\n\t\t\t\t\t<\/div>\n\t\t<\/div>\n\t\t\t\t<div class=\"elementor-column elementor-col-50 elementor-top-column elementor-element elementor-element-b0085d7\" data-id=\"b0085d7\" data-element_type=\"column\" data-e-type=\"column\">\n\t\t\t<div class=\"elementor-widget-wrap elementor-element-populated\">\n\t\t\t\t\t\t<div class=\"elementor-element elementor-element-b3a3962 elementor-widget elementor-widget-heading\" data-id=\"b3a3962\" data-element_type=\"widget\" data-e-type=\"widget\" data-widget_type=\"heading.default\">\n\t\t\t\t<div class=\"elementor-widget-container\">\n\t\t\t\t\t<h3 class=\"elementor-heading-title elementor-size-large\"><span class=\"ez-toc-section\" id=\"Ski-Nordic\"><\/span>Ski-Nordic<span class=\"ez-toc-section-end\"><\/span><\/h3>\t\t\t\t<\/div>\n\t\t\t\t<\/div>\n\t\t\t\t<div class=\"elementor-element elementor-element-e23e8e0 elementor-widget elementor-widget-image\" data-id=\"e23e8e0\" data-element_type=\"widget\" data-e-type=\"widget\" data-widget_type=\"image.default\">\n\t\t\t\t<div class=\"elementor-widget-container\">\n\t\t\t\t\t\t\t\t\t\t\t\t\t\t\t<img decoding=\"async\" width=\"150\" height=\"150\" src=\"https:\/\/www.scrschnaittach.de\/neu2013\/wordpress\/wp-content\/uploads\/2022\/12\/icon_skilanglauf_rot_auf_weiss_250px-150x150.png\" class=\"attachment-thumbnail size-thumbnail wp-image-1722\" alt=\"Piktogramm Ski Langlauf\" srcset=\"https:\/\/www.scrschnaittach.de\/neu2013\/wordpress\/wp-content\/uploads\/2022\/12\/icon_skilanglauf_rot_auf_weiss_250px-150x150.png 150w, https:\/\/www.scrschnaittach.de\/neu2013\/wordpress\/wp-content\/uploads\/2022\/12\/icon_skilanglauf_rot_auf_weiss_250px.png 250w\" sizes=\"(max-width: 150px) 100vw, 150px\" \/>\t\t\t\t\t\t\t\t\t\t\t\t\t\t\t<\/div>\n\t\t\t\t<\/div>\n\t\t\t\t<div class=\"elementor-element elementor-element-72cac3c elementor-widget elementor-widget-text-editor\" data-id=\"72cac3c\" data-element_type=\"widget\" data-e-type=\"widget\" data-widget_type=\"text-editor.default\">\n\t\t\t\t<div class=\"elementor-widget-container\">\n\t\t\t\t\t\t\t\t\t<ul><li><span class=\"TextRun SCXW130902059 BCX0\" lang=\"DE-DE\" xml:lang=\"DE-DE\" data-contrast=\"auto\"><span class=\"NormalTextRun SCXW130902059 BCX0\" data-ccp-parastyle=\"Normal (Web)\">Gespurte Loipen f\u00fcr Klassik und Skating<\/span><\/span><\/li><\/ul>\t\t\t\t\t\t\t\t<\/div>\n\t\t\t\t<\/div>\n\t\t\t\t\t<\/div>\n\t\t<\/div>\n\t\t\t\t\t<\/div>\n\t\t<\/section>\n\t\t\t\t<section class=\"elementor-section elementor-top-section elementor-element elementor-element-ff1ef6b elementor-section-boxed elementor-section-height-default elementor-section-height-default wpr-particle-no wpr-jarallax-no wpr-parallax-no wpr-sticky-section-no wpr-equal-height-no\" data-id=\"ff1ef6b\" data-element_type=\"section\" data-e-type=\"section\">\n\t\t\t\t\t\t<div class=\"elementor-container elementor-column-gap-default\">\n\t\t\t\t\t<div class=\"elementor-column elementor-col-50 elementor-top-column elementor-element elementor-element-2b65871\" data-id=\"2b65871\" data-element_type=\"column\" data-e-type=\"column\">\n\t\t\t<div class=\"elementor-widget-wrap elementor-element-populated\">\n\t\t\t\t\t\t<div class=\"elementor-element elementor-element-4433230 elementor-widget elementor-widget-heading\" data-id=\"4433230\" data-element_type=\"widget\" data-e-type=\"widget\" data-widget_type=\"heading.default\">\n\t\t\t\t<div class=\"elementor-widget-container\">\n\t\t\t\t\t<h3 class=\"elementor-heading-title elementor-size-large\"><span class=\"ez-toc-section\" id=\"Tanzen\"><\/span>Tanzen<span class=\"ez-toc-section-end\"><\/span><\/h3>\t\t\t\t<\/div>\n\t\t\t\t<\/div>\n\t\t\t\t<div class=\"elementor-element elementor-element-6bcd3a1 elementor-widget elementor-widget-image\" data-id=\"6bcd3a1\" data-element_type=\"widget\" data-e-type=\"widget\" data-widget_type=\"image.default\">\n\t\t\t\t<div class=\"elementor-widget-container\">\n\t\t\t\t\t\t\t\t\t\t\t\t\t\t\t<img loading=\"lazy\" decoding=\"async\" width=\"150\" height=\"150\" src=\"https:\/\/www.scrschnaittach.de\/neu2013\/wordpress\/wp-content\/uploads\/2022\/12\/icon_tanzen_rot_auf_weiss_250px-150x150.png\" class=\"attachment-thumbnail size-thumbnail wp-image-1719\" alt=\"Piktogramm Tanzen\" srcset=\"https:\/\/www.scrschnaittach.de\/neu2013\/wordpress\/wp-content\/uploads\/2022\/12\/icon_tanzen_rot_auf_weiss_250px-150x150.png 150w, https:\/\/www.scrschnaittach.de\/neu2013\/wordpress\/wp-content\/uploads\/2022\/12\/icon_tanzen_rot_auf_weiss_250px.png 250w\" sizes=\"(max-width: 150px) 100vw, 150px\" \/>\t\t\t\t\t\t\t\t\t\t\t\t\t\t\t<\/div>\n\t\t\t\t<\/div>\n\t\t\t\t<div class=\"elementor-element elementor-element-b039733 elementor-widget elementor-widget-text-editor\" data-id=\"b039733\" data-element_type=\"widget\" data-e-type=\"widget\" data-widget_type=\"text-editor.default\">\n\t\t\t\t<div class=\"elementor-widget-container\">\n\t\t\t\t\t\t\t\t\t<ul><li>Kursleiterin: Sandra Trautmann<\/li><li><span class=\"TextRun SCXW173653555 BCX0\" lang=\"DE-DE\" xml:lang=\"DE-DE\" data-contrast=\"auto\"><span class=\"NormalTextRun SpellingErrorV2Themed SCXW173653555 BCX0\" data-ccp-parastyle=\"Normal (Web)\">Lin<\/span><span class=\"NormalTextRun SpellingErrorV2Themed SCXW173653555 BCX0\" data-ccp-parastyle=\"Normal (Web)\">eDance<\/span><span class=\"NormalTextRun SCXW173653555 BCX0\" data-ccp-parastyle=\"Normal (Web)\"> (Erwachsene von 16 bis 99): <\/span><\/span><span class=\"TextRun SCXW173653555 BCX0\" lang=\"DE-DE\" xml:lang=\"DE-DE\" data-contrast=\"auto\"><span class=\"NormalTextRun SCXW173653555 BCX0\" data-ccp-parastyle=\"Normal (Web)\">Komm zu den Westend Stompers<\/span><span class=\"NormalTextRun SCXW173653555 BCX0\" data-ccp-parastyle=\"Normal (Web)\">. <\/span><span class=\"NormalTextRun SpellingErrorV2Themed SCXW173653555 BCX0\" data-ccp-parastyle=\"Normal (Web)\">Linedance<\/span><span class=\"NormalTextRun SCXW173653555 BCX0\" data-ccp-parastyle=\"Normal (Web)\"> ist eine Tanzform, in der man <\/span><span class=\"NormalTextRun SCXW173653555 BCX0\" data-ccp-parastyle=\"Normal (Web)\">alleine<\/span><span class=\"NormalTextRun SCXW173653555 BCX0\" data-ccp-parastyle=\"Normal (Web)\">, aber trotzdem <\/span><span class=\"NormalTextRun SCXW173653555 BCX0\" data-ccp-parastyle=\"Normal (Web)\">gemeinsam tanzt, meist zu Country Songs.<\/span> <\/span><span class=\"TextRun SCXW173653555 BCX0\" lang=\"DE-DE\" xml:lang=\"DE-DE\" data-contrast=\"auto\"><span class=\"NormalTextRun SCXW173653555 BCX0\" data-ccp-parastyle=\"Normal (Web)\">Ort: Badsaal, <\/span><span class=\"NormalTextRun SCXW173653555 BCX0\" data-ccp-parastyle=\"Normal (Web)\">Montag<\/span><span class=\"NormalTextRun SCXW173653555 BCX0\" data-ccp-parastyle=\"Normal (Web)\">, 19:00 bis<\/span><span class=\"NormalTextRun SCXW173653555 BCX0\" data-ccp-parastyle=\"Normal (Web)\"> 21:00<\/span><span class=\"NormalTextRun SCXW173653555 BCX0\" data-ccp-parastyle=\"Normal (Web)\"> Uhr (Anf\u00e4nger); Mittwoch, 1900 bis 21:00 Uhr (Fortgeschrittene)<br \/><\/span><\/span><\/li><\/ul>\t\t\t\t\t\t\t\t<\/div>\n\t\t\t\t<\/div>\n\t\t\t\t\t<\/div>\n\t\t<\/div>\n\t\t\t\t<div class=\"elementor-column elementor-col-50 elementor-top-column elementor-element elementor-element-d1703ba\" data-id=\"d1703ba\" data-element_type=\"column\" data-e-type=\"column\">\n\t\t\t<div class=\"elementor-widget-wrap elementor-element-populated\">\n\t\t\t\t\t\t<div class=\"elementor-element elementor-element-4e239d7 elementor-widget elementor-widget-heading\" data-id=\"4e239d7\" data-element_type=\"widget\" data-e-type=\"widget\" data-widget_type=\"heading.default\">\n\t\t\t\t<div class=\"elementor-widget-container\">\n\t\t\t\t\t<h3 class=\"elementor-heading-title elementor-size-large\"><span class=\"ez-toc-section\" id=\"Wandern-2\"><\/span>Wandern<span class=\"ez-toc-section-end\"><\/span><\/h3>\t\t\t\t<\/div>\n\t\t\t\t<\/div>\n\t\t\t\t<div class=\"elementor-element elementor-element-93a5313 elementor-widget elementor-widget-image\" data-id=\"93a5313\" data-element_type=\"widget\" data-e-type=\"widget\" data-widget_type=\"image.default\">\n\t\t\t\t<div class=\"elementor-widget-container\">\n\t\t\t\t\t\t\t\t\t\t\t\t\t\t\t<img loading=\"lazy\" decoding=\"async\" width=\"150\" height=\"150\" src=\"https:\/\/www.scrschnaittach.de\/neu2013\/wordpress\/wp-content\/uploads\/2022\/12\/icon_wandern_rot_auf_weiss_250px-150x150.png\" class=\"attachment-thumbnail size-thumbnail wp-image-1723\" alt=\"Piktogramm Wandern\" srcset=\"https:\/\/www.scrschnaittach.de\/neu2013\/wordpress\/wp-content\/uploads\/2022\/12\/icon_wandern_rot_auf_weiss_250px-150x150.png 150w, https:\/\/www.scrschnaittach.de\/neu2013\/wordpress\/wp-content\/uploads\/2022\/12\/icon_wandern_rot_auf_weiss_250px.png 250w\" sizes=\"(max-width: 150px) 100vw, 150px\" \/>\t\t\t\t\t\t\t\t\t\t\t\t\t\t\t<\/div>\n\t\t\t\t<\/div>\n\t\t\t\t<div class=\"elementor-element elementor-element-0b4b71a elementor-widget elementor-widget-text-editor\" data-id=\"0b4b71a\" data-element_type=\"widget\" data-e-type=\"widget\" data-widget_type=\"text-editor.default\">\n\t\t\t\t<div class=\"elementor-widget-container\">\n\t\t\t\t\t\t\t\t\t<ul><li>Abteilungsleiterin: Elfi Christl<\/li><li>Regelm\u00e4\u00dfig gef\u00fchrte Wanderungen<\/li><\/ul>\t\t\t\t\t\t\t\t<\/div>\n\t\t\t\t<\/div>\n\t\t\t\t\t<\/div>\n\t\t<\/div>\n\t\t\t\t\t<\/div>\n\t\t<\/section>\n\t\t\t\t<section class=\"elementor-section elementor-top-section elementor-element elementor-element-d88b9be elementor-section-boxed elementor-section-height-default elementor-section-height-default wpr-particle-no wpr-jarallax-no wpr-parallax-no wpr-sticky-section-no wpr-equal-height-no\" data-id=\"d88b9be\" data-element_type=\"section\" data-e-type=\"section\">\n\t\t\t\t\t\t<div class=\"elementor-container elementor-column-gap-default\">\n\t\t\t\t\t<div class=\"elementor-column elementor-col-100 elementor-top-column elementor-element elementor-element-ae46e6a\" data-id=\"ae46e6a\" data-element_type=\"column\" data-e-type=\"column\">\n\t\t\t<div class=\"elementor-widget-wrap elementor-element-populated\">\n\t\t\t\t\t\t<div class=\"elementor-element elementor-element-918365c elementor-widget elementor-widget-spacer\" data-id=\"918365c\" data-element_type=\"widget\" data-e-type=\"widget\" data-widget_type=\"spacer.default\">\n\t\t\t\t<div class=\"elementor-widget-container\">\n\t\t\t\t\t\t\t<div class=\"elementor-spacer\">\n\t\t\t<div class=\"elementor-spacer-inner\"><\/div>\n\t\t<\/div>\n\t\t\t\t\t\t<\/div>\n\t\t\t\t<\/div>\n\t\t\t\t\t<\/div>\n\t\t<\/div>\n\t\t\t\t\t<\/div>\n\t\t<\/section>\n\t\t\t\t<section class=\"elementor-section elementor-top-section elementor-element elementor-element-48b96ba elementor-section-boxed elementor-section-height-default elementor-section-height-default wpr-particle-no wpr-jarallax-no wpr-parallax-no wpr-sticky-section-no wpr-equal-height-no\" data-id=\"48b96ba\" data-element_type=\"section\" data-e-type=\"section\">\n\t\t\t\t\t\t<div class=\"elementor-container elementor-column-gap-default\">\n\t\t\t\t\t<div class=\"elementor-column elementor-col-50 elementor-top-column elementor-element elementor-element-a501df0\" data-id=\"a501df0\" data-element_type=\"column\" data-e-type=\"column\">\n\t\t\t<div class=\"elementor-widget-wrap elementor-element-populated\">\n\t\t\t\t\t\t<div class=\"elementor-element elementor-element-6ba8a74 elementor-widget elementor-widget-heading\" data-id=\"6ba8a74\" data-element_type=\"widget\" data-e-type=\"widget\" data-widget_type=\"heading.default\">\n\t\t\t\t<div class=\"elementor-widget-container\">\n\t\t\t\t\t<h3 class=\"elementor-heading-title elementor-size-large\"><span class=\"ez-toc-section\" id=\"Leichtathletik\"><\/span>Leichtathletik<span class=\"ez-toc-section-end\"><\/span><\/h3>\t\t\t\t<\/div>\n\t\t\t\t<\/div>\n\t\t\t\t<div class=\"elementor-element elementor-element-e476466 elementor-widget elementor-widget-image\" data-id=\"e476466\" data-element_type=\"widget\" data-e-type=\"widget\" data-widget_type=\"image.default\">\n\t\t\t\t<div class=\"elementor-widget-container\">\n\t\t\t\t\t\t\t\t\t\t\t\t\t\t\t<img loading=\"lazy\" decoding=\"async\" width=\"150\" height=\"150\" src=\"https:\/\/www.scrschnaittach.de\/neu2013\/wordpress\/wp-content\/uploads\/2022\/12\/icon_leichtathletik_rot_auf_weiss_250px-150x150.png\" class=\"attachment-thumbnail size-thumbnail wp-image-1716\" alt=\"Piktogramm Laufen\" srcset=\"https:\/\/www.scrschnaittach.de\/neu2013\/wordpress\/wp-content\/uploads\/2022\/12\/icon_leichtathletik_rot_auf_weiss_250px-150x150.png 150w, https:\/\/www.scrschnaittach.de\/neu2013\/wordpress\/wp-content\/uploads\/2022\/12\/icon_leichtathletik_rot_auf_weiss_250px.png 250w\" sizes=\"(max-width: 150px) 100vw, 150px\" \/>\t\t\t\t\t\t\t\t\t\t\t\t\t\t\t<\/div>\n\t\t\t\t<\/div>\n\t\t\t\t<div class=\"elementor-element elementor-element-cf0002e elementor-widget elementor-widget-text-editor\" data-id=\"cf0002e\" data-element_type=\"widget\" data-e-type=\"widget\" data-widget_type=\"text-editor.default\">\n\t\t\t\t<div class=\"elementor-widget-container\">\n\t\t\t\t\t\t\t\t\t<ul><li><span class=\"TextRun SCXW86126449 BCX0\" lang=\"DE-DE\" xml:lang=\"DE-DE\" data-contrast=\"auto\"><span class=\"NormalTextRun SCXW86126449 BCX0\" data-ccp-parastyle=\"Normal (Web)\">W\u00f6chentliche gef\u00fchrte L\u00e4ufe in zwei Gruppen<\/span><\/span><\/li><li><span class=\"TextRun SCXW86126449 BCX0\" lang=\"DE-DE\" xml:lang=\"DE-DE\" data-contrast=\"auto\"><span class=\"NormalTextRun SCXW86126449 BCX0\" data-ccp-parastyle=\"Normal (Web)\">Nordic Walking<br \/><\/span><\/span><\/li><li><span class=\"TextRun SCXW86126449 BCX0\" lang=\"DE-DE\" xml:lang=\"DE-DE\" data-contrast=\"auto\"><span class=\"NormalTextRun SCXW86126449 BCX0\" data-ccp-parastyle=\"Normal (Web)\"> Lauftraining<\/span><\/span><\/li><li><span class=\"TextRun SCXW86126449 BCX0\" lang=\"DE-DE\" xml:lang=\"DE-DE\" data-contrast=\"auto\"><span class=\"NormalTextRun SCXW86126449 BCX0\" data-ccp-parastyle=\"Normal (Web)\"> Marathontraining<\/span><\/span><\/li><li><span class=\"TextRun SCXW86126449 BCX0\" lang=\"DE-DE\" xml:lang=\"DE-DE\" data-contrast=\"auto\"><span class=\"NormalTextRun SCXW86126449 BCX0\" data-ccp-parastyle=\"Normal (Web)\"> Teilnahme an Rennveranstaltungen in der Region und weltweit<\/span><\/span><span class=\"EOP SCXW86126449 BCX0\" data-ccp-props=\"{&quot;134233117&quot;:true,&quot;134233118&quot;:true,&quot;201341983&quot;:0,&quot;335559740&quot;:240}\">\u00a0<\/span><\/li><\/ul>\t\t\t\t\t\t\t\t<\/div>\n\t\t\t\t<\/div>\n\t\t\t\t\t<\/div>\n\t\t<\/div>\n\t\t\t\t<div class=\"elementor-column elementor-col-50 elementor-top-column elementor-element elementor-element-d9e6ee3\" data-id=\"d9e6ee3\" data-element_type=\"column\" data-e-type=\"column\">\n\t\t\t<div class=\"elementor-widget-wrap elementor-element-populated\">\n\t\t\t\t\t\t<div class=\"elementor-element elementor-element-111ad57 elementor-widget elementor-widget-heading\" data-id=\"111ad57\" data-element_type=\"widget\" data-e-type=\"widget\" data-widget_type=\"heading.default\">\n\t\t\t\t<div class=\"elementor-widget-container\">\n\t\t\t\t\t<h3 class=\"elementor-heading-title elementor-size-large\"><span class=\"ez-toc-section\" id=\"Mountainbike\"><\/span>Mountainbike<span class=\"ez-toc-section-end\"><\/span><\/h3>\t\t\t\t<\/div>\n\t\t\t\t<\/div>\n\t\t\t\t<div class=\"elementor-element elementor-element-61dc4a7 elementor-widget elementor-widget-image\" data-id=\"61dc4a7\" data-element_type=\"widget\" data-e-type=\"widget\" data-widget_type=\"image.default\">\n\t\t\t\t<div class=\"elementor-widget-container\">\n\t\t\t\t\t\t\t\t\t\t\t\t\t\t\t<img loading=\"lazy\" decoding=\"async\" width=\"150\" height=\"150\" src=\"https:\/\/www.scrschnaittach.de\/neu2013\/wordpress\/wp-content\/uploads\/2022\/12\/icon_mountainbike_rot_auf_weiss_250px-150x150.png\" class=\"attachment-thumbnail size-thumbnail wp-image-1718\" alt=\"Piktogramm Montainbike\" srcset=\"https:\/\/www.scrschnaittach.de\/neu2013\/wordpress\/wp-content\/uploads\/2022\/12\/icon_mountainbike_rot_auf_weiss_250px-150x150.png 150w, https:\/\/www.scrschnaittach.de\/neu2013\/wordpress\/wp-content\/uploads\/2022\/12\/icon_mountainbike_rot_auf_weiss_250px.png 250w\" sizes=\"(max-width: 150px) 100vw, 150px\" \/>\t\t\t\t\t\t\t\t\t\t\t\t\t\t\t<\/div>\n\t\t\t\t<\/div>\n\t\t\t\t<div class=\"elementor-element elementor-element-bac932c elementor-widget elementor-widget-text-editor\" data-id=\"bac932c\" data-element_type=\"widget\" data-e-type=\"widget\" data-widget_type=\"text-editor.default\">\n\t\t\t\t<div class=\"elementor-widget-container\">\n\t\t\t\t\t\t\t\t\t<ul><li><span class=\"TextRun SCXW190770044 BCX0\" lang=\"DE-DE\" xml:lang=\"DE-DE\" data-contrast=\"auto\"><span class=\"NormalTextRun SCXW190770044 BCX0\" data-ccp-parastyle=\"Normal (Web)\">W\u00f6chentliche gef\u00fchrte Bike-Touren in zwei Gruppen<\/span><\/span><\/li><li><span class=\"TextRun SCXW190770044 BCX0\" lang=\"DE-DE\" xml:lang=\"DE-DE\" data-contrast=\"auto\"><span class=\"NormalTextRun SCXW190770044 BCX0\" data-ccp-parastyle=\"Normal (Web)\">Trainingslager<\/span><\/span><\/li><li><span class=\"TextRun SCXW190770044 BCX0\" lang=\"DE-DE\" xml:lang=\"DE-DE\" data-contrast=\"auto\"><span class=\"NormalTextRun SCXW190770044 BCX0\" data-ccp-parastyle=\"Normal (Web)\"> Techniktraining<\/span><\/span><\/li><li><span class=\"TextRun SCXW190770044 BCX0\" lang=\"DE-DE\" xml:lang=\"DE-DE\" data-contrast=\"auto\"><span class=\"NormalTextRun SCXW190770044 BCX0\" data-ccp-parastyle=\"Normal (Web)\">Tages-Touren<\/span><\/span><\/li><li><span class=\"TextRun SCXW190770044 BCX0\" lang=\"DE-DE\" xml:lang=\"DE-DE\" data-contrast=\"auto\"><span class=\"NormalTextRun SCXW190770044 BCX0\" data-ccp-parastyle=\"Normal (Web)\"> Alpen\u00fcberquerungen<\/span><\/span><\/li><li><span class=\"TextRun SCXW190770044 BCX0\" lang=\"DE-DE\" xml:lang=\"DE-DE\" data-contrast=\"auto\"><span class=\"NormalTextRun SCXW190770044 BCX0\" data-ccp-parastyle=\"Normal (Web)\"> Teilnahme an MTB-Rennen<\/span><\/span><span class=\"EOP SCXW190770044 BCX0\" data-ccp-props=\"{&quot;134233117&quot;:true,&quot;134233118&quot;:true,&quot;201341983&quot;:0,&quot;335559740&quot;:240}\">\u00a0<\/span><\/li><\/ul>\t\t\t\t\t\t\t\t<\/div>\n\t\t\t\t<\/div>\n\t\t\t\t\t<\/div>\n\t\t<\/div>\n\t\t\t\t\t<\/div>\n\t\t<\/section>\n\t\t\t\t<section class=\"elementor-section elementor-top-section elementor-element elementor-element-62582bf elementor-section-boxed elementor-section-height-default elementor-section-height-default wpr-particle-no wpr-jarallax-no wpr-parallax-no wpr-sticky-section-no wpr-equal-height-no\" data-id=\"62582bf\" data-element_type=\"section\" data-e-type=\"section\">\n\t\t\t\t\t\t<div class=\"elementor-container elementor-column-gap-default\">\n\t\t\t\t\t<div class=\"elementor-column elementor-col-50 elementor-top-column elementor-element elementor-element-c6be467\" data-id=\"c6be467\" data-element_type=\"column\" data-e-type=\"column\">\n\t\t\t<div class=\"elementor-widget-wrap elementor-element-populated\">\n\t\t\t\t\t\t<div class=\"elementor-element elementor-element-408c6ab elementor-widget elementor-widget-heading\" data-id=\"408c6ab\" data-element_type=\"widget\" data-e-type=\"widget\" data-widget_type=\"heading.default\">\n\t\t\t\t<div class=\"elementor-widget-container\">\n\t\t\t\t\t<h3 class=\"elementor-heading-title elementor-size-large\"><span class=\"ez-toc-section\" id=\"Multisport\"><\/span>Multisport<span class=\"ez-toc-section-end\"><\/span><\/h3>\t\t\t\t<\/div>\n\t\t\t\t<\/div>\n\t\t\t\t<div class=\"elementor-element elementor-element-3a4e2bd elementor-widget elementor-widget-image\" data-id=\"3a4e2bd\" data-element_type=\"widget\" data-e-type=\"widget\" data-widget_type=\"image.default\">\n\t\t\t\t<div class=\"elementor-widget-container\">\n\t\t\t\t\t\t\t\t\t\t\t\t\t\t\t<img loading=\"lazy\" decoding=\"async\" width=\"150\" height=\"150\" src=\"https:\/\/www.scrschnaittach.de\/neu2013\/wordpress\/wp-content\/uploads\/2022\/12\/icon_triathlon_rot_auf_weiss_250px-150x150.png\" class=\"attachment-thumbnail size-thumbnail wp-image-1815\" alt=\"\" srcset=\"https:\/\/www.scrschnaittach.de\/neu2013\/wordpress\/wp-content\/uploads\/2022\/12\/icon_triathlon_rot_auf_weiss_250px-150x150.png 150w, https:\/\/www.scrschnaittach.de\/neu2013\/wordpress\/wp-content\/uploads\/2022\/12\/icon_triathlon_rot_auf_weiss_250px.png 250w\" sizes=\"(max-width: 150px) 100vw, 150px\" \/>\t\t\t\t\t\t\t\t\t\t\t\t\t\t\t<\/div>\n\t\t\t\t<\/div>\n\t\t\t\t<div class=\"elementor-element elementor-element-5875f84 elementor-widget elementor-widget-text-editor\" data-id=\"5875f84\" data-element_type=\"widget\" data-e-type=\"widget\" data-widget_type=\"text-editor.default\">\n\t\t\t\t<div class=\"elementor-widget-container\">\n\t\t\t\t\t\t\t\t\t<ul><li>Abteilungsleiter: Thomas Heid &amp; Harald Schiffer<\/li><li><span class=\"NormalTextRun SCXW94647001 BCX0\" data-ccp-parastyle=\"Plain Text\">Triathlon<\/span><\/li><li><span class=\"NormalTextRun SCXW94647001 BCX0\" data-ccp-parastyle=\"Plain Text\">Laser Run<\/span><\/li><li><span class=\"NormalTextRun SpellingErrorV2Themed SCXW94647001 BCX0\" data-ccp-parastyle=\"Plain Text\">Biathle<\/span><\/li><li><span class=\"NormalTextRun SpellingErrorV2Themed SCXW94647001 BCX0\" data-ccp-parastyle=\"Plain Text\">Triathle<\/span><\/li><li><span class=\"NormalTextRun SCXW94647001 BCX0\" data-ccp-parastyle=\"Plain Text\">Schwimmen<\/span><\/li><li><span class=\"NormalTextRun SCXW94647001 BCX0\" data-ccp-parastyle=\"Plain Text\">Biken<br \/><\/span><\/li><li><span class=\"NormalTextRun SCXW94647001 BCX0\" data-ccp-parastyle=\"Plain Text\"> Koordination<\/span><\/li><li><span class=\"NormalTextRun SCXW94647001 BCX0\" data-ccp-parastyle=\"Plain Text\"> Zirkeltraining<\/span><\/li><li><span class=\"NormalTextRun SCXW94647001 BCX0\" data-ccp-parastyle=\"Plain Text\">Teilnahmen an Wettk\u00e4mpfen der oben genannten Sportarten<\/span><\/li><\/ul>\t\t\t\t\t\t\t\t<\/div>\n\t\t\t\t<\/div>\n\t\t\t\t\t<\/div>\n\t\t<\/div>\n\t\t\t\t<div class=\"elementor-column elementor-col-50 elementor-top-column elementor-element elementor-element-ef28130\" data-id=\"ef28130\" data-element_type=\"column\" data-e-type=\"column\">\n\t\t\t<div class=\"elementor-widget-wrap\">\n\t\t\t\t\t\t\t<\/div>\n\t\t<\/div>\n\t\t\t\t\t<\/div>\n\t\t<\/section>\n\t\t\t\t<\/div>\n\t\t","protected":false},"excerpt":{"rendered":"<p>Unser Sportangebot Kursplan Kurse Line Dance Kursinfos Zeit: Montag: Fortgeschrittene Anf\u00e4nger 18:45 &#8211; 21:30 Uhr Zeit: Dienstag: Catalan Style 19:00 &#8211; 22:00 Uhr Zeit: Mittwoch: Fortgeschrittene 19:00 &#8211; 21:00 Uhr Treffpunkt: Badsaal Schnaittach Ansprechpartner\u00a0Montag: Sandra Trautmann, 0171\/3027007 Ansprechpartner\u00a0Dienstag: Heidi Suth, 0157\/14823136 Ansprechpartner Mittwoch: Heike Buchner, 0151\/11167982 und Karin Grie\u00dfhammer, 09123\/82683\u00a0 Was ist Linedance? Linedance ist eine Tanzform, bei der eine Gruppe von Menschen in einer Linie aufgestellt ist und zu Musik tanzt. Im Linedance werden choreographierte Schritte und Bewegungen ausgef\u00fchrt, die oft zu Country- oder Popmusik getanzt werden. Dabei werden die Schritte von einem Tanzleiter vorgegeben, die T\u00e4nzer imitieren sie und tanzen synchron miteinander. Linedance kann in einer Gruppe oder allein getanzt werden und wird h\u00e4ufig bei Veranstaltungen wie Hochzeiten, Partys oder in Tanzclubs ausgef\u00fchrt. Der Tanzstil ist einfach zu erlernen und \u00e4u\u00dferst beliebt bei Menschen aller Altersgruppen, da er eine gute M\u00f6glichkeit bietet, sich zu bewegen, Freude zu haben und soziale Kontakte zu kn\u00fcpfen. Cataln Style zeichnet sich durch komplexe Beintechnik aus, da die Choreografien pr\u00e4zise auf die Countrysongs abgestimmt sind. Meist ergeben sich dadurch A-, B- oder auch C-Teile und manchmal kommt dazu sogar noch ein &#8222;Intro&#8220; oder &#8222;Ending&#8220;. &#8222;Line Dance&#8220; Vorkenntnisse w\u00e4ren sehr hilfreich! Power-Fit (Erwachsene) &gt; Sommerpause Kursinfos: Zeit: Dienstag von 17:45 &#8211; 18:45 Uhr Treffpunkt: Badsaal Schnaittach Unkostenbeitrag 25 \u20ac, f\u00fcr Nichtmitglieder 90 \u20ac Ansprechpartner: Oliver Unterburger Kontakt: 0151\/44346605 Ein vielseitiges Sportangebot&nbsp; unter mitrei\u00dfender Leitung, um fit durch den Winter zu kommen. In dieser Kalorienverbrennungsstunde werden mit \u00dcbungen aus allen Gymnastikbereichen (auch Dehnung und Entspannung) Herz und Kreislauf trainiert. Eltern-Kind-Fit (ab 3 Jahre) &gt; Sommerpause Kursinfos: Zeit: Mittwoch von 16:00 &#8211; 17:00 Uhr Treffpunkt: Turnhalle Grundschule Ansprechpartner: Kristina Haselbek Kontakt: 09153\/9246191 Unter Anleitung unserer \u00dcbungsleiter*in fordern wir zusammen mit dir dein Kind im rhythmischen und psychomotorischen Bereichen und f\u00f6rdern damit die Geschicklichkeit, Ausdauer und Selbstst\u00e4ndigkeit. Kids-Fit (1.-4. Klasse) Sommerpause Kursinfos: Zeit: Mittwoch von 17:00 &#8211; 18:00 Uhr Treffpunkt: Turnhalle Grundschule Ansprechpartner: Lena Thaler Kontakt: 01578\/2545364 Wir f\u00f6rdern die Gesundheit und Entwicklung deines Kindes durch die Teilnahme an einer Fitnessstunde, die ohne Leistungsdruck abl\u00e4uft. Die Abenteuer-, Spiel- und Spa\u00dfstunde mit Lauf- und Fangspielen. Juniors-Fit (ab 5. Klasse) &gt; Sommerpause Kursinfos Zeit: Mittwoch von 18:00 &#8211; 19:00 Uhr Treffpunkt: Turnhalle Grundschule Ansprechpartner: Fiona Heid Kontakt: 01515\/4617728 Ambitioniertes Training f\u00fcr Ausdauer, Kraft, Kondition und Mobilisation. Der richtige Ausgleich f\u00fcr das lange Sitzen in der Schule und bei den Hausaufgaben. Multisport (ab 14 Jahren) &gt; Sommerpause Kursinfos Zeit: Mittwoch von 19:00 &#8211; 20:00 Uhr Treffpunkt: Turnhalle Grundschule Ansprechpartner:\u00a0 Kontakt:\u00a0 Rehasport Kursinfos Zeit: Montag 16:45 &#8211; 17:30 Uhr Montag 17:45 &#8211; 18:30 Uhr Donnerstag 08:30 &#8211; 09:15 Uhr Donnerstag 09:30 &#8211; 10:15 Uhr Donnerstag 10:30 &#8211; 11:15 Uhr Treffpunkt: Badsaal Schnaittach Ansprechpartner: Christina Fischer, 0152\/36230874 Reha-Sport ist ein \u00e4rztlich verordnetes Bewegungstraining in der Gruppe und bietet die M\u00f6glichkeit durch Sport selbst aktiv Einfluss auf die eigene Gesundheit zu nehmen. Bei R\u00fccken- oder Gelenkschmerzen, nach einer Operation und anschlie\u00dfender Reha, als Erg\u00e4nzung bzw. nach der Physiotherapie. Alle Teilnehmenden haben eine \u00e4rztliche Verordnung mit dem Diagnose-Profil: Orthop\u00e4die: St\u00fctz- und Bewegungsapparat, \u00a0(Wirbels\u00e4ule, Knie- und H\u00fcftgelenk, Endoprothesen), Krebsnachsorge, Morbus Bechterew, Osteoporose. Die Kosten der genehmigten Verordnung werden von der Krankenkasse und von der Rentenversicherung vollst\u00e4ndig \u00fcbernommen. Eine Mitgliedschaft beim SCR Schnaittach ist nicht erforderlich. Nordic Walking Kursinfos Zeit: Mittwoch18:00 &#8211; 19:00 Uhr Treffpunkt: Parkplatz Hailloh Ansprechpartner: Oliver Unterburger Kontakt: 0151\/44346605 Biken Kids Kursinfos 5 &#8211; 17 Jahre, Dienstag 17:00 &#8211; 18:00 Uhr, Ansprechpartnerin: Lena Thaler, 0157\/82545364 und\u00a0Harry Schiffer, 0160\/90759604 Treffpunkt: Badsaal Biathle, Triathle, Laserrun (Sommerpause) Kursinfos Zeit: Mittwoch 17:30 Uhr Treffpunkt: Schulsportplatz Mittelschule Ansprechpartner:&nbsp;Thomas Heid Kontakt: 0175\/5189415 Streetbasketball Kursinfos Zeit: Donnerstag 18:00 &#8211; 19:00 (6 &#8211; 14 Jahre),\u00a0Ansprechpartner Michael Winkler, 0179\/1422489\u00a0 Zeit: Donnerstag 19.00 &#8211; 21:00 Uhr (ab 15 Jahren),\u00a0Ansprechpartner Simon Weber, 09153\/923139 Treffpunkt: Grundschule Schnaittach Lauftreff Kursinfos Zeit: Montag 18:00 &#8211; 19:00 Uhr, 2 Gruppen, Treffpunkt: B\u00fcrgerweiher\u00a0 Zeit: Mittwoch 18:00 &#8211; 19:00 Uhr, 2 Gruppen,Treffpunkt: Parkplatz Hailoh Zeit: Donnerstag 19:00 &#8211; 20:00 Uhr,\u00a0Treffpunkt: Parkplatz Hailoh Ansprechpartner: Wolfgang Schlosser, 09153\/970263 und Harald Schiffer 0160\/90759604 Wandern Kursinfos Zeit: Ca. 10 x p.a. nach Ank\u00fcndigung Treffpunkt: nach Ank\u00fcndigung Ansprechpartner: Elfi Christl Kontakt: 09153\/7383 Sportarten Ski Alpin Top pr\u00e4parierte Skipiste am Rothenberg dank Pistenger\u00e4t und 2 Schneekanonen 2 Skilifte Skikurse Skirennen Skicamp\u00a0 Ski-Nordic Gespurte Loipen f\u00fcr Klassik und Skating Tanzen Kursleiterin: Sandra Trautmann LineDance (Erwachsene von 16 bis 99): Komm zu den Westend Stompers. Linedance ist eine Tanzform, in der man alleine, aber trotzdem gemeinsam tanzt, meist zu Country Songs. Ort: Badsaal, Montag, 19:00 bis 21:00 Uhr (Anf\u00e4nger); Mittwoch, 1900 bis 21:00 Uhr (Fortgeschrittene) Wandern Abteilungsleiterin: Elfi Christl Regelm\u00e4\u00dfig gef\u00fchrte Wanderungen Leichtathletik W\u00f6chentliche gef\u00fchrte L\u00e4ufe in zwei Gruppen Nordic Walking Lauftraining Marathontraining Teilnahme an Rennveranstaltungen in der Region und weltweit\u00a0 Mountainbike W\u00f6chentliche gef\u00fchrte Bike-Touren in zwei Gruppen Trainingslager Techniktraining Tages-Touren Alpen\u00fcberquerungen Teilnahme an MTB-Rennen\u00a0 Multisport Abteilungsleiter: Thomas Heid &amp; Harald Schiffer Triathlon Laser Run Biathle Triathle Schwimmen Biken Koordination Zirkeltraining Teilnahmen an Wettk\u00e4mpfen der oben genannten Sportarten<\/p>\n","protected":false},"author":3,"featured_media":0,"parent":0,"menu_order":0,"comment_status":"closed","ping_status":"closed","template":"elementor_header_footer","meta":{"footnotes":"","_links_to":"","_links_to_target":""},"class_list":["post-1883","page","type-page","status-publish"],"yoast_head":"<!-- This site is optimized with the Yoast SEO plugin v27.4 - https:\/\/yoast.com\/product\/yoast-seo-wordpress\/ -->\n<title>SCR Schnaittach aktuelles Sportangebot &amp; Kursplan<\/title>\n<meta name=\"description\" content=\"Hier findet ihr den aktuellen Kursplan und das Sportangebot des SCR Schnaittach\" \/>\n<meta name=\"robots\" content=\"index, follow, max-snippet:-1, max-image-preview:large, max-video-preview:-1\" \/>\n<link rel=\"canonical\" href=\"https:\/\/www.scrschnaittach.de\/neu2013\/wordpress\/?page_id=1883\" \/>\n<meta property=\"og:locale\" content=\"de_DE\" \/>\n<meta property=\"og:type\" content=\"article\" \/>\n<meta property=\"og:title\" content=\"SCR Schnaittach aktuelles Sportangebot &amp; Kursplan\" \/>\n<meta property=\"og:description\" content=\"Hier findet ihr den aktuellen Kursplan und das Sportangebot des SCR Schnaittach\" \/>\n<meta property=\"og:url\" content=\"https:\/\/www.scrschnaittach.de\/neu2013\/wordpress\/?page_id=1883\" \/>\n<meta property=\"og:site_name\" content=\"SCR-Schnaittach\" \/>\n<meta property=\"article:publisher\" content=\"https:\/\/www.facebook.com\/SCRSchnaittach\" \/>\n<meta property=\"article:modified_time\" content=\"2026-04-28T09:51:54+00:00\" \/>\n<meta property=\"og:image\" content=\"https:\/\/www.scrschnaittach.de\/neu2013\/wordpress\/wp-content\/uploads\/2026\/04\/scr-kursplan-sommer2026.png\" \/>\n\t<meta property=\"og:image:width\" content=\"1408\" \/>\n\t<meta property=\"og:image:height\" content=\"768\" \/>\n\t<meta property=\"og:image:type\" content=\"image\/png\" \/>\n<meta name=\"twitter:card\" content=\"summary_large_image\" \/>\n<meta name=\"twitter:label1\" content=\"Gesch\u00e4tzte Lesezeit\" \/>\n\t<meta name=\"twitter:data1\" content=\"6\u00a0Minuten\" \/>\n<script type=\"application\/ld+json\" class=\"yoast-schema-graph\">{\"@context\":\"https:\\\/\\\/schema.org\",\"@graph\":[{\"@type\":\"WebPage\",\"@id\":\"https:\\\/\\\/www.scrschnaittach.de\\\/neu2013\\\/wordpress\\\/?page_id=1883\",\"url\":\"https:\\\/\\\/www.scrschnaittach.de\\\/neu2013\\\/wordpress\\\/?page_id=1883\",\"name\":\"SCR Schnaittach aktuelles Sportangebot & Kursplan\",\"isPartOf\":{\"@id\":\"https:\\\/\\\/www.scrschnaittach.de\\\/neu2013\\\/wordpress\\\/#website\"},\"primaryImageOfPage\":{\"@id\":\"https:\\\/\\\/www.scrschnaittach.de\\\/neu2013\\\/wordpress\\\/?page_id=1883#primaryimage\"},\"image\":{\"@id\":\"https:\\\/\\\/www.scrschnaittach.de\\\/neu2013\\\/wordpress\\\/?page_id=1883#primaryimage\"},\"thumbnailUrl\":\"https:\\\/\\\/www.scrschnaittach.de\\\/neu2013\\\/wordpress\\\/wp-content\\\/uploads\\\/2026\\\/04\\\/scr-kursplan-sommer2026-768x419.png\",\"datePublished\":\"2022-12-26T17:11:36+00:00\",\"dateModified\":\"2026-04-28T09:51:54+00:00\",\"description\":\"Hier findet ihr den aktuellen Kursplan und das Sportangebot des SCR Schnaittach\",\"breadcrumb\":{\"@id\":\"https:\\\/\\\/www.scrschnaittach.de\\\/neu2013\\\/wordpress\\\/?page_id=1883#breadcrumb\"},\"inLanguage\":\"de\",\"potentialAction\":[{\"@type\":\"ReadAction\",\"target\":[\"https:\\\/\\\/www.scrschnaittach.de\\\/neu2013\\\/wordpress\\\/?page_id=1883\"]}]},{\"@type\":\"ImageObject\",\"inLanguage\":\"de\",\"@id\":\"https:\\\/\\\/www.scrschnaittach.de\\\/neu2013\\\/wordpress\\\/?page_id=1883#primaryimage\",\"url\":\"https:\\\/\\\/www.scrschnaittach.de\\\/neu2013\\\/wordpress\\\/wp-content\\\/uploads\\\/2026\\\/04\\\/scr-kursplan-sommer2026.png\",\"contentUrl\":\"https:\\\/\\\/www.scrschnaittach.de\\\/neu2013\\\/wordpress\\\/wp-content\\\/uploads\\\/2026\\\/04\\\/scr-kursplan-sommer2026.png\",\"width\":1408,\"height\":768},{\"@type\":\"BreadcrumbList\",\"@id\":\"https:\\\/\\\/www.scrschnaittach.de\\\/neu2013\\\/wordpress\\\/?page_id=1883#breadcrumb\",\"itemListElement\":[{\"@type\":\"ListItem\",\"position\":1,\"name\":\"Startseite\",\"item\":\"https:\\\/\\\/www.scrschnaittach.de\\\/neu2013\\\/wordpress\\\/\"},{\"@type\":\"ListItem\",\"position\":2,\"name\":\"Sportangebot\"}]},{\"@type\":\"WebSite\",\"@id\":\"https:\\\/\\\/www.scrschnaittach.de\\\/neu2013\\\/wordpress\\\/#website\",\"url\":\"https:\\\/\\\/www.scrschnaittach.de\\\/neu2013\\\/wordpress\\\/\",\"name\":\"SCR-Schnaittach\",\"description\":\"Skiing - Cycling - Running\",\"publisher\":{\"@id\":\"https:\\\/\\\/www.scrschnaittach.de\\\/neu2013\\\/wordpress\\\/#organization\"},\"potentialAction\":[{\"@type\":\"SearchAction\",\"target\":{\"@type\":\"EntryPoint\",\"urlTemplate\":\"https:\\\/\\\/www.scrschnaittach.de\\\/neu2013\\\/wordpress\\\/?s={search_term_string}\"},\"query-input\":{\"@type\":\"PropertyValueSpecification\",\"valueRequired\":true,\"valueName\":\"search_term_string\"}}],\"inLanguage\":\"de\"},{\"@type\":\"Organization\",\"@id\":\"https:\\\/\\\/www.scrschnaittach.de\\\/neu2013\\\/wordpress\\\/#organization\",\"name\":\"SCR-Schnaittach\",\"url\":\"https:\\\/\\\/www.scrschnaittach.de\\\/neu2013\\\/wordpress\\\/\",\"logo\":{\"@type\":\"ImageObject\",\"inLanguage\":\"de\",\"@id\":\"https:\\\/\\\/www.scrschnaittach.de\\\/neu2013\\\/wordpress\\\/#\\\/schema\\\/logo\\\/image\\\/\",\"url\":\"https:\\\/\\\/www.scrschnaittach.de\\\/neu2013\\\/wordpress\\\/wp-content\\\/uploads\\\/2022\\\/12\\\/scrlogo.png\",\"contentUrl\":\"https:\\\/\\\/www.scrschnaittach.de\\\/neu2013\\\/wordpress\\\/wp-content\\\/uploads\\\/2022\\\/12\\\/scrlogo.png\",\"width\":77,\"height\":90,\"caption\":\"SCR-Schnaittach\"},\"image\":{\"@id\":\"https:\\\/\\\/www.scrschnaittach.de\\\/neu2013\\\/wordpress\\\/#\\\/schema\\\/logo\\\/image\\\/\"},\"sameAs\":[\"https:\\\/\\\/www.facebook.com\\\/SCRSchnaittach\"]}]}<\/script>\n<!-- \/ Yoast SEO plugin. -->","yoast_head_json":{"title":"SCR Schnaittach aktuelles Sportangebot & Kursplan","description":"Hier findet ihr den aktuellen Kursplan und das Sportangebot des SCR Schnaittach","robots":{"index":"index","follow":"follow","max-snippet":"max-snippet:-1","max-image-preview":"max-image-preview:large","max-video-preview":"max-video-preview:-1"},"canonical":"https:\/\/www.scrschnaittach.de\/neu2013\/wordpress\/?page_id=1883","og_locale":"de_DE","og_type":"article","og_title":"SCR Schnaittach aktuelles Sportangebot & Kursplan","og_description":"Hier findet ihr den aktuellen Kursplan und das Sportangebot des SCR Schnaittach","og_url":"https:\/\/www.scrschnaittach.de\/neu2013\/wordpress\/?page_id=1883","og_site_name":"SCR-Schnaittach","article_publisher":"https:\/\/www.facebook.com\/SCRSchnaittach","article_modified_time":"2026-04-28T09:51:54+00:00","og_image":[{"width":1408,"height":768,"url":"https:\/\/www.scrschnaittach.de\/neu2013\/wordpress\/wp-content\/uploads\/2026\/04\/scr-kursplan-sommer2026.png","type":"image\/png"}],"twitter_card":"summary_large_image","twitter_misc":{"Gesch\u00e4tzte Lesezeit":"6\u00a0Minuten"},"schema":{"@context":"https:\/\/schema.org","@graph":[{"@type":"WebPage","@id":"https:\/\/www.scrschnaittach.de\/neu2013\/wordpress\/?page_id=1883","url":"https:\/\/www.scrschnaittach.de\/neu2013\/wordpress\/?page_id=1883","name":"SCR Schnaittach aktuelles Sportangebot & Kursplan","isPartOf":{"@id":"https:\/\/www.scrschnaittach.de\/neu2013\/wordpress\/#website"},"primaryImageOfPage":{"@id":"https:\/\/www.scrschnaittach.de\/neu2013\/wordpress\/?page_id=1883#primaryimage"},"image":{"@id":"https:\/\/www.scrschnaittach.de\/neu2013\/wordpress\/?page_id=1883#primaryimage"},"thumbnailUrl":"https:\/\/www.scrschnaittach.de\/neu2013\/wordpress\/wp-content\/uploads\/2026\/04\/scr-kursplan-sommer2026-768x419.png","datePublished":"2022-12-26T17:11:36+00:00","dateModified":"2026-04-28T09:51:54+00:00","description":"Hier findet ihr den aktuellen Kursplan und das Sportangebot des SCR Schnaittach","breadcrumb":{"@id":"https:\/\/www.scrschnaittach.de\/neu2013\/wordpress\/?page_id=1883#breadcrumb"},"inLanguage":"de","potentialAction":[{"@type":"ReadAction","target":["https:\/\/www.scrschnaittach.de\/neu2013\/wordpress\/?page_id=1883"]}]},{"@type":"ImageObject","inLanguage":"de","@id":"https:\/\/www.scrschnaittach.de\/neu2013\/wordpress\/?page_id=1883#primaryimage","url":"https:\/\/www.scrschnaittach.de\/neu2013\/wordpress\/wp-content\/uploads\/2026\/04\/scr-kursplan-sommer2026.png","contentUrl":"https:\/\/www.scrschnaittach.de\/neu2013\/wordpress\/wp-content\/uploads\/2026\/04\/scr-kursplan-sommer2026.png","width":1408,"height":768},{"@type":"BreadcrumbList","@id":"https:\/\/www.scrschnaittach.de\/neu2013\/wordpress\/?page_id=1883#breadcrumb","itemListElement":[{"@type":"ListItem","position":1,"name":"Startseite","item":"https:\/\/www.scrschnaittach.de\/neu2013\/wordpress\/"},{"@type":"ListItem","position":2,"name":"Sportangebot"}]},{"@type":"WebSite","@id":"https:\/\/www.scrschnaittach.de\/neu2013\/wordpress\/#website","url":"https:\/\/www.scrschnaittach.de\/neu2013\/wordpress\/","name":"SCR-Schnaittach","description":"Skiing - Cycling - Running","publisher":{"@id":"https:\/\/www.scrschnaittach.de\/neu2013\/wordpress\/#organization"},"potentialAction":[{"@type":"SearchAction","target":{"@type":"EntryPoint","urlTemplate":"https:\/\/www.scrschnaittach.de\/neu2013\/wordpress\/?s={search_term_string}"},"query-input":{"@type":"PropertyValueSpecification","valueRequired":true,"valueName":"search_term_string"}}],"inLanguage":"de"},{"@type":"Organization","@id":"https:\/\/www.scrschnaittach.de\/neu2013\/wordpress\/#organization","name":"SCR-Schnaittach","url":"https:\/\/www.scrschnaittach.de\/neu2013\/wordpress\/","logo":{"@type":"ImageObject","inLanguage":"de","@id":"https:\/\/www.scrschnaittach.de\/neu2013\/wordpress\/#\/schema\/logo\/image\/","url":"https:\/\/www.scrschnaittach.de\/neu2013\/wordpress\/wp-content\/uploads\/2022\/12\/scrlogo.png","contentUrl":"https:\/\/www.scrschnaittach.de\/neu2013\/wordpress\/wp-content\/uploads\/2022\/12\/scrlogo.png","width":77,"height":90,"caption":"SCR-Schnaittach"},"image":{"@id":"https:\/\/www.scrschnaittach.de\/neu2013\/wordpress\/#\/schema\/logo\/image\/"},"sameAs":["https:\/\/www.facebook.com\/SCRSchnaittach"]}]}},"_links":{"self":[{"href":"https:\/\/www.scrschnaittach.de\/neu2013\/wordpress\/index.php?rest_route=\/wp\/v2\/pages\/1883","targetHints":{"allow":["GET"]}}],"collection":[{"href":"https:\/\/www.scrschnaittach.de\/neu2013\/wordpress\/index.php?rest_route=\/wp\/v2\/pages"}],"about":[{"href":"https:\/\/www.scrschnaittach.de\/neu2013\/wordpress\/index.php?rest_route=\/wp\/v2\/types\/page"}],"author":[{"embeddable":true,"href":"https:\/\/www.scrschnaittach.de\/neu2013\/wordpress\/index.php?rest_route=\/wp\/v2\/users\/3"}],"replies":[{"embeddable":true,"href":"https:\/\/www.scrschnaittach.de\/neu2013\/wordpress\/index.php?rest_route=%2Fwp%2Fv2%2Fcomments&post=1883"}],"version-history":[{"count":139,"href":"https:\/\/www.scrschnaittach.de\/neu2013\/wordpress\/index.php?rest_route=\/wp\/v2\/pages\/1883\/revisions"}],"predecessor-version":[{"id":2638,"href":"https:\/\/www.scrschnaittach.de\/neu2013\/wordpress\/index.php?rest_route=\/wp\/v2\/pages\/1883\/revisions\/2638"}],"wp:attachment":[{"href":"https:\/\/www.scrschnaittach.de\/neu2013\/wordpress\/index.php?rest_route=%2Fwp%2Fv2%2Fmedia&parent=1883"}],"curies":[{"name":"wp","href":"https:\/\/api.w.org\/{rel}","templated":true}]}}